{"id":210,"date":"2011-10-01T09:04:21","date_gmt":"2011-10-01T09:04:21","guid":{"rendered":"http:\/\/people.unica.it\/sdfe\/?page_id=210"},"modified":"2013-03-01T13:54:05","modified_gmt":"2013-03-01T13:54:05","slug":"2012-2","status":"publish","type":"page","link":"https:\/\/people.unica.it\/sdfe\/?page_id=210","title":{"rendered":"2012"},"content":{"rendered":"<div><\/div>\n<div>\n<p align=\"center\"><b>OFFERTA FORMATIVA 2012<\/b><\/p>\n<p align=\"center\"><b>CORSO DI DOTTORATO IN STORIA, FILOSOFIA E DIDATTICA DELLE SCIENZE<\/b><\/p>\n<p align=\"center\"><b>\u00a0<\/b><\/p>\n<p align=\"center\"><b>PROSPETTO CORSI IN PROGRAMMA<\/b><\/p>\n<p align=\"center\"><b>\u00a0<\/b><\/p>\n<table border=\"1\" cellspacing=\"0\" cellpadding=\"0\">\n<tbody>\n<tr>\n<td valign=\"top\" width=\"225\">\n<p align=\"center\"><b>DOCENTE<\/b><\/p>\n<\/td>\n<td valign=\"top\" width=\"265\">\n<p align=\"center\"><b>TITOLO CORSO<\/b><\/p>\n<\/td>\n<td valign=\"top\" width=\"236\">\n<p align=\"center\"><b>PERIODO DI SVOLGIMENTO<\/b><\/p>\n<\/td>\n<td valign=\"top\" width=\"221\">\n<p align=\"center\"><b>SEDE DI SVOLGIMENTO<\/b><\/p>\n<\/td>\n<td valign=\"top\" width=\"43\">\n<p align=\"center\"><b>CFR<\/b><\/p>\n<\/td>\n<\/tr>\n<tr>\n<td valign=\"top\" width=\"225\">\n<p align=\"center\">Prof. Francesco Paoli Dott. Antonio Ledda<\/p>\n<\/td>\n<td valign=\"top\" width=\"265\"><i>Metodi algebrici in logica (I)<\/i><\/td>\n<td valign=\"top\" width=\"236\">Settembre \u2013 Novembre 2012<\/td>\n<td valign=\"top\" width=\"221\">Studio n. 36 (2\u00b0 piano Facolt\u00e0 di Lettere)<\/td>\n<td valign=\"top\" width=\"43\">\n<p align=\"center\"><b>4<\/b><\/p>\n<\/td>\n<\/tr>\n<tr>\n<td valign=\"top\" width=\"225\">\n<p align=\"center\">Prof. Roberto Giuntini<\/p>\n<\/td>\n<td valign=\"top\" width=\"265\"><i>A gentle introduction to the logic of quantum computation<\/i><\/td>\n<td valign=\"top\" width=\"236\">Novembre \u2013 Dicembre 2012<\/td>\n<td valign=\"top\" width=\"221\">Dip. Pedagogia, Psicologia, Filosofia<\/td>\n<td valign=\"top\" width=\"43\">\n<p align=\"center\"><b>3<\/b><\/p>\n<\/td>\n<\/tr>\n<tr>\n<td valign=\"top\" width=\"225\">\n<p align=\"center\">Prof. Francesco Paoli Dott. Antonio Ledda<\/p>\n<\/td>\n<td valign=\"top\" width=\"265\"><i>Metodi algebrici in logica (II)<\/i><\/td>\n<td valign=\"top\" width=\"236\">Novembre \u2013 Dicembre 2012<\/td>\n<td valign=\"top\" width=\"221\">Studio n. 36 (2\u00b0 piano Facolt\u00e0 di Lettere)<\/td>\n<td valign=\"top\" width=\"43\">\n<p align=\"center\"><b>4<\/b><\/p>\n<\/td>\n<\/tr>\n<tr>\n<td valign=\"top\" width=\"225\">\n<p align=\"center\">Prof. Fabio Roli<\/p>\n<\/td>\n<td valign=\"top\" width=\"265\"><i>Intelligenza artificiale<\/i><\/td>\n<td valign=\"top\" width=\"236\">Probabile gennaio 2013<\/td>\n<td valign=\"top\" width=\"221\">DIEE \u2013 Dip. Ingegneria Elettrica ed Elettronica; per info: Prof. Luca Didaci,\u00a0<a href=\"mailto:luca.didaci@diee.unica.it\">luca.didaci@diee.unica.it<\/a><\/td>\n<td valign=\"top\" width=\"43\">\n<p align=\"center\"><b>4<\/b><\/p>\n<\/td>\n<\/tr>\n<tr>\n<td valign=\"top\" width=\"225\">\n<p align=\"center\">Prof. Giuseppe Mezzorani<\/p>\n<\/td>\n<td valign=\"top\" width=\"265\"><i>Lettura di testi \/ articoli rilevanti per la storia della fisica<\/i><\/td>\n<td valign=\"top\" width=\"236\">Da concordare con i dottorandi interessati<\/td>\n<td valign=\"top\" width=\"221\">Dip. Fisica \u2013 Cittadella di Monserrato<\/td>\n<td valign=\"top\" width=\"43\">\n<p align=\"center\"><b>4<\/b><\/p>\n<\/td>\n<\/tr>\n<tr>\n<td valign=\"top\" width=\"225\">\n<p align=\"center\">Prof. Marco Giunti<\/p>\n<\/td>\n<td valign=\"top\" width=\"265\"><i>Teorie della riduzione scientifica<\/i><\/td>\n<td valign=\"top\" width=\"236\">Da definire; contattare il docente via mail a:\u00a0<a href=\"mailto:giunti@unica.it\">giunti@unica.it<\/a><\/td>\n<td valign=\"top\" width=\"221\">Studio n. 36 (2\u00b0 piano Facolt\u00e0 di Lettere)<\/td>\n<td valign=\"top\" width=\"43\">\n<p align=\"center\"><b>4<\/b><\/p>\n<\/td>\n<\/tr>\n<tr>\n<td valign=\"top\" width=\"225\">\n<p align=\"center\">Prof.ssa Elisabetta Gola<\/p>\n<\/td>\n<td valign=\"top\" width=\"265\"><i>Comunicare la ricerca<\/i><\/td>\n<td valign=\"top\" width=\"236\">Da definire<\/td>\n<td valign=\"top\" width=\"221\">Facolt\u00e0 di Scienze della Comunicazione<\/td>\n<td valign=\"top\" width=\"43\">\n<p align=\"center\"><b>3<\/b><\/p>\n<\/td>\n<\/tr>\n<\/tbody>\n<\/table>\n<p align=\"center\"><b>\u00a0<\/b><\/p>\n<p><b>\u00a0<\/b><\/p>\n<p align=\"center\"><b>OFFERTA FORMATIVA 2012<\/b><\/p>\n<p align=\"center\"><b>CORSO DI DOTTORATO IN DISCIPLINE FILOSOFICHE<\/b><\/p>\n<p align=\"center\"><b>\u00a0<\/b><\/p>\n<table border=\"1\" cellspacing=\"0\" cellpadding=\"0\">\n<tbody>\n<tr>\n<td valign=\"top\" width=\"255\">\n<p align=\"center\"><b>DOCENTE<\/b><\/p>\n<\/td>\n<td valign=\"top\" width=\"395\">\n<p align=\"center\"><b>TITOLO LEZIONE<\/b><\/p>\n<\/td>\n<td valign=\"top\" width=\"284\">\n<p align=\"center\"><b>DATE<\/b><\/p>\n<\/td>\n<td valign=\"top\" width=\"85\">\n<p align=\"center\"><b>ORE<\/b><\/p>\n<\/td>\n<\/tr>\n<tr>\n<td valign=\"top\" width=\"255\">\n<p align=\"center\"><b>MARCIALIS Maria Teresa<\/b><\/p>\n<\/td>\n<td valign=\"top\" width=\"395\"><i>Il cogito: problemi e difficolt\u00e0<\/i><\/td>\n<td valign=\"top\" width=\"284\">\n<p align=\"center\"><b>6 \u2013 27 marzo 2012<\/b><\/p>\n<\/td>\n<td valign=\"top\" width=\"85\">\n<p align=\"center\"><b>20<\/b><\/p>\n<\/td>\n<\/tr>\n<tr>\n<td valign=\"top\" width=\"255\">\n<p align=\"center\"><b>PONTARA Giuliano<\/b><\/p>\n<\/td>\n<td valign=\"top\" width=\"395\"><i>L\u2019etica e la frammentazione del carattere<\/i><\/td>\n<td valign=\"top\" width=\"284\">\n<p align=\"center\"><b>17\u00a0<\/b><b>\u2013 20 aprile 2012<\/b><\/p>\n<\/td>\n<td valign=\"top\" width=\"85\">\n<p align=\"center\"><b>8<\/b><\/p>\n<\/td>\n<\/tr>\n<tr>\n<td valign=\"top\" width=\"255\">\n<p align=\"center\"><b>\u017bE\u0141ANIEK Woytek<\/b><\/p>\n<\/td>\n<td valign=\"top\" width=\"395\"><i>Naturalezza dell&#8217;intenzionalit\u00e0<\/i><\/td>\n<td valign=\"top\" width=\"284\">\n<p align=\"center\"><b>Aprile 2012 (date da precisare<\/b><\/p>\n<\/td>\n<td valign=\"top\" width=\"85\">\n<p align=\"center\"><b>\u00a0<\/b><\/p>\n<\/td>\n<\/tr>\n<tr>\n<td valign=\"top\" width=\"255\">\n<p align=\"center\"><b>SANCHEZ Sergio<\/b><\/p>\n<p align=\"center\"><b>ORSUCCI Andrea<\/b><\/p>\n<\/td>\n<td valign=\"top\" width=\"395\"><em>Filosofia e storiografia filosofica nello scenario del nuovo millennio: vuoti esercizi di retorica?<\/em><\/td>\n<td valign=\"top\" width=\"284\">\n<p align=\"center\"><b>8 \u2013 9 maggio 2012<\/b><\/p>\n<\/td>\n<td valign=\"top\" width=\"85\">\n<p align=\"center\"><b>4 + 4<\/b><\/p>\n<\/td>\n<\/tr>\n<tr>\n<td valign=\"top\" width=\"255\">\n<p align=\"center\"><b>ORSUCCI Andrea<\/b><\/p>\n<p align=\"center\"><b>CAMEROTA Michele<\/b><\/p>\n<\/td>\n<td valign=\"top\" width=\"395\"><i>Leggere un testo filosofico e scientifico<\/i><\/td>\n<td valign=\"top\" width=\"284\">\n<p align=\"center\"><b>Novembre \u2013 dicembre 2012<\/b><\/p>\n<\/td>\n<td valign=\"top\" width=\"85\">\n<p align=\"center\"><b>\u00a0<\/b><\/p>\n<\/td>\n<\/tr>\n<\/tbody>\n<\/table>\n<p align=\"center\"><b>\u00a0<\/b><\/p>\n<p align=\"center\"><b>\u00a0<\/b><\/p>\n<table border=\"1\" cellspacing=\"0\" cellpadding=\"0\">\n<tbody>\n<tr>\n<td valign=\"top\" width=\"255\">\n<p align=\"center\"><b>DOCENTE<\/b><\/p>\n<\/td>\n<td valign=\"top\" width=\"395\">\n<p align=\"center\"><b>TITOLO SEMINARIO<\/b><\/p>\n<\/td>\n<td valign=\"top\" width=\"284\">\n<p align=\"center\"><b>DATE<\/b><\/p>\n<\/td>\n<td valign=\"top\" width=\"85\">\n<p align=\"center\"><b>ORE<\/b><\/p>\n<\/td>\n<\/tr>\n<tr>\n<td valign=\"top\" width=\"255\">\n<p align=\"center\"><b>GRANATA Giovanna<\/b><\/p>\n<\/td>\n<td valign=\"top\" width=\"395\"><i>Metodologia bibliografica<\/i><\/td>\n<td valign=\"top\" width=\"284\">\n<p align=\"center\"><b>15 \u2013 16 marzo 2012<\/b><\/p>\n<\/td>\n<td valign=\"top\" width=\"85\">\n<p align=\"center\"><b>4<\/b><\/p>\n<\/td>\n<\/tr>\n<tr>\n<td valign=\"top\" width=\"255\">\n<p align=\"center\"><b>CACCIATORE Giuseppe<\/b><\/p>\n<\/td>\n<td valign=\"top\" width=\"395\"><i>Problemi dell\u2019interculturalit\u00e0<\/i><\/td>\n<td valign=\"top\" width=\"284\">\n<p align=\"center\"><b>12 giugno 2012<\/b><\/p>\n<\/td>\n<td valign=\"top\" width=\"85\">\n<p align=\"center\"><b>4<\/b><\/p>\n<\/td>\n<\/tr>\n<\/tbody>\n<\/table>\n<p align=\"center\"><b>\u00a0<\/b><\/p>\n<p align=\"center\"><b>\u00a0<\/b><\/p>\n<table border=\"1\" cellspacing=\"0\" cellpadding=\"0\">\n<tbody>\n<tr>\n<td valign=\"top\" width=\"255\">\n<p align=\"center\"><b>DOCENTE<\/b><\/p>\n<\/td>\n<td valign=\"top\" width=\"395\">\n<p align=\"center\"><b>TITOLO CONVEGNO<\/b><\/p>\n<\/td>\n<td valign=\"top\" width=\"284\">\n<p align=\"center\"><b>DATE<\/b><\/p>\n<\/td>\n<td valign=\"top\" width=\"85\">\n<p align=\"center\"><b>ORE<\/b><\/p>\n<\/td>\n<\/tr>\n<tr>\n<td valign=\"top\" width=\"255\">\n<p align=\"center\"><b>CRASTA Francesca<\/b><\/p>\n<p align=\"center\"><b>ORSUCCI Andrea<\/b><\/p>\n<\/td>\n<td valign=\"top\" width=\"395\"><i>Letteratura e filosofia<\/i><\/td>\n<td valign=\"top\" width=\"284\">\n<p align=\"center\"><b>3 \u2013 4 maggio 2012<\/b><\/p>\n<\/td>\n<td valign=\"top\" width=\"85\">\n<p align=\"center\"><b>\u00a0<\/b><\/p>\n<\/td>\n<\/tr>\n<tr>\n<td valign=\"top\" width=\"255\">\n<p align=\"center\"><b>CRASTA Francesca<\/b><\/p>\n<\/td>\n<td valign=\"top\" width=\"395\"><i>X Convegno della Societ\u00e0 Internazionale per gli Studi sul Neoplatonismo (IN<\/i><\/td>\n<td valign=\"top\" width=\"284\"><b>20 \u00a0\u2013 23 giugno 2012<\/b><\/td>\n<td valign=\"top\" width=\"85\">\n<p align=\"center\"><b>\u00a0<\/b><\/p>\n<\/td>\n<\/tr>\n<\/tbody>\n<\/table>\n<p align=\"center\"><b>\u00a0<\/b><\/p>\n<p><b>\u00a0<\/b><\/p>\n<\/div>\n<p>&nbsp;<\/p>\n<p>&nbsp;<\/p>\n<p>&nbsp;<\/p>\n<p>Offerta formativa 2012\/2013<\/p>\n<p>Corso di Dottorato in Discipline Filosofiche<\/p>\n<p>&#8211; Il codice cartesiano:problemi e difficolt\u00e0 (tenuto dalla Prof.ssa Marcialis, si svolger\u00e0 dal 6 al 27 marzo secondo il calendario che sar\u00e0 affisso nell&#8217;andito dello Studio n. 17 &#8211; primo piano);<br \/>\n&#8211; L&#8217;etica e la frammentazione del carattere (Prof. Pontara, si svolger\u00e0 tra il 16 e il 20 aprile);<br \/>\n&#8211; Naturalezza dell&#8217;intenzionalit\u00e0 (Prof. Zelaniec, si svolger\u00e0 nel mese di aprile);<br \/>\n&#8211; Leggere un testo filosofico e scientifico (Proff. Orsucci e Camerota, da tenersi tra novembre e dicembre 2012);<br \/>\n&#8211; Metodologia bibliografica (Prof.ssa Granata, periodo di svolgimento da precisare)<\/p>\n<p>Il calendario delle lezioni sar\u00e0\u00a0affisso nell&#8217;andito dello Studio n. 17 e ogni variazione comunicata tempestivamente via mail.<\/p>\n<p>Corso di Dottorato in Storia, Filosofia e Didattica delle Scienze<br \/>\n&#8211; Intelligenza artificiale (Prof. Didaci): 32 ore (4 cfr) &#8211; Gennaio 2013<br \/>\n&#8211; Teorie della riduzione scientifica (Prof. Giunti): 16 ore (4 cfr) &#8211; Contattare docente giunti@unica.it<br \/>\n&#8211; A Gentle Introduction to the Logic of Quantum Computation (Prof. Giuntini): 12 ore (3 cfr) &#8211; Novembre-Dicembre 2012<br \/>\n&#8211; Comunicare la ricerca (Prof.ssa Gola) &#8211; 12 ore (3 cfr) &#8211; Periodo da concordare<br \/>\n&#8211; Metodi algebrici in Logica I (Proff. Paoli-Ledda) &#8211; 16 ore (4 cfr) &#8211; Settembre-Novembre<br \/>\n&#8211; Metodi algebrici in Logica II (Proff. Ledda-Paoli) &#8211; 16 ore (4 cfr) &#8211; Novembre-Gennaio<br \/>\n&#8211; Lettura di testi \/ articoli rilevanti per la Storia della Fisica (Prof. Mezzorani) &#8211; 16 ore (4 cfr) &#8211; Da concordare<\/p>\n","protected":false},"excerpt":{"rendered":"<p>OFFERTA FORMATIVA 2012 CORSO DI DOTTORATO IN STORIA, FILOSOFIA E DIDATTICA DELLE SCIENZE \u00a0 PROSPETTO CORSI IN PROGRAMMA \u00a0 DOCENTE TITOLO CORSO PERIODO DI SVOLGIMENTO SEDE DI SVOLGIMENTO CFR Prof. Francesco Paoli Dott. Antonio Ledda Metodi algebrici in logica (I) Settembre \u2013 Novembre 2012 Studio n. 36 (2\u00b0 piano Facolt\u00e0 di Lettere) 4 Prof. Roberto Giuntini A gentle introduction to the logic of quantum computation Novembre \u2013 Dicembre 2012 Dip. Pedagogia, Psicologia, Filosofia 3 Prof. Francesco Paoli Dott. Antonio Ledda Metodi algebrici in logica (II) Novembre \u2013 Dicembre 2012 Studio n. 36 (2\u00b0 piano Facolt\u00e0 di Lettere) 4 Prof. Fabio <a href='https:\/\/people.unica.it\/sdfe\/?page_id=210' class='excerpt-more'>[&#8230;]<\/a><\/p>\n","protected":false},"author":482,"featured_media":0,"parent":139,"menu_order":0,"comment_status":"closed","ping_status":"open","template":"","meta":{"footnotes":""},"class_list":["post-210","page","type-page","status-publish","hentry","post-seq-1","post-parity-odd","meta-position-corners","fix"],"_links":{"self":[{"href":"https:\/\/people.unica.it\/sdfe\/index.php?rest_route=\/wp\/v2\/pages\/210","targetHints":{"allow":["GET"]}}],"collection":[{"href":"https:\/\/people.unica.it\/sdfe\/index.php?rest_route=\/wp\/v2\/pages"}],"about":[{"href":"https:\/\/people.unica.it\/sdfe\/index.php?rest_route=\/wp\/v2\/types\/page"}],"author":[{"embeddable":true,"href":"https:\/\/people.unica.it\/sdfe\/index.php?rest_route=\/wp\/v2\/users\/482"}],"replies":[{"embeddable":true,"href":"https:\/\/people.unica.it\/sdfe\/index.php?rest_route=%2Fwp%2Fv2%2Fcomments&post=210"}],"version-history":[{"count":7,"href":"https:\/\/people.unica.it\/sdfe\/index.php?rest_route=\/wp\/v2\/pages\/210\/revisions"}],"predecessor-version":[{"id":420,"href":"https:\/\/people.unica.it\/sdfe\/index.php?rest_route=\/wp\/v2\/pages\/210\/revisions\/420"}],"up":[{"embeddable":true,"href":"https:\/\/people.unica.it\/sdfe\/index.php?rest_route=\/wp\/v2\/pages\/139"}],"wp:attachment":[{"href":"https:\/\/people.unica.it\/sdfe\/index.php?rest_route=%2Fwp%2Fv2%2Fmedia&parent=210"}],"curies":[{"name":"wp","href":"https:\/\/api.w.org\/{rel}","templated":true}]}}