{"id":208,"date":"2011-10-01T09:04:01","date_gmt":"2011-10-01T09:04:01","guid":{"rendered":"http:\/\/people.unica.it\/sdfe\/?page_id=208"},"modified":"2011-12-15T10:41:33","modified_gmt":"2011-12-15T10:41:33","slug":"2011-2","status":"publish","type":"page","link":"https:\/\/people.unica.it\/sdfe\/?page_id=208","title":{"rendered":"2011"},"content":{"rendered":"<p><strong>Calendario corsi della Scuola di Dottorato<\/strong><\/p>\n<p><a href=\"#nomeancora\">Cicli di Lezioni<\/a><br \/>\n<a href=\"#nomeancora2\">Seminari, convegni, giornate di studio<\/a><\/p>\n<p><a name=\"nomeancora\"><\/a><br \/>\n<strong>Cicli di Lezioni<\/strong><a name=\"nomeancora\"><\/a><\/p>\n<table style=\"border: 1 solid black\" width=\"1200\">\n<tbody>\n<tr style=\"border: 1pt solid black\">\n<td style=\"width: 33%;border: 0pt solid black\"><strong>Cicli di lezioni<\/strong><\/td>\n<td style=\"width: 33%;border: 0pt solid black\"><strong>Docenti<\/strong><\/td>\n<td style=\"width: 33%;border: 0pt solid black\"><strong>Periodo di svolgimento previsto<\/strong><\/td>\n<\/tr>\n<tr style=\"border: 1pt solid black\">\n<td style=\"width: 33%;border: 0pt solid black\">I &#8211; <em>Moral Realism<\/em><br \/>\n(16 ore)<br \/>\nII &#8211; <em>Moral Dilemmas<\/em><br \/>\n(16 ore)<\/td>\n<td style=\"width: 33%;border: 0pt solid black\">Prof. Julian Nida- R\u00fcmelin (Ludwig-Maximilians-Universit\u00e4t, M\u00fcnchen)<\/td>\n<td style=\"width: 33%;border: 0pt solid black\">Marzo-Aprile 2011<\/p>\n<p>8 marzo 10-12: Presentazione Corsi<br \/>\nMoral Realism: Marzo: 15, 22, 29 ore 10-12; Aprile: 5, 19, 26 ore 10-12;<br \/>\nMoral Dilemmas: Marzo: 16, 23, 30 ore 10-12; Aprile: 5 ore 14-16; 20, 27 ore 10-12.\n<\/td>\n<\/tr>\n<tr style=\"border: 1pt solid black\">\n<td style=\"width: 33%;border: 0pt solid black\">Sulla Verit\u00e0<br \/>\n(8 ore)<\/td>\n<td style=\"width: 33%;border: 0pt solid black\">Prof. Wojtek Zelaniec (Universit\u00e0 di Danzica)\n<\/td>\n<td style=\"width: 33%;border: 0pt solid black\">\nMarzo-Maggio 2011<\/p>\n<p>28 Marzo, dalle ore 10 alle 12;<\/p>\n<p>4 Aprile, dalle 14 alle 16;<\/p>\n<p>17 Maggio, dalle 9,30 alle 13,30<\/td>\n<\/tr>\n<tr style=\"border: 1pt solid black\">\n<td style=\"width: 33%;border: 0pt solid black\"><em>Foundations of Quantum Mechanics<\/em><\/td>\n<td style=\"width: 33%;border: 0pt solid black\">Prof. Amit Hagar<br \/>\n(Indiana University at Bloomington, USA)<\/td>\n<td style=\"width: 33%;border: 0pt solid black\">Maggio-Giugno 2011<\/p>\n<p>Luned\u00ec e mercoled\u00ec dalle 10.30 alle 12.30, per otto settimane a partire da luned\u00ec 9 maggio<\/td>\n<\/tr>\n<tr style=\"border: 1pt solid black\">\n<td style=\"width: 33%;border: 0pt solid black\"><em>Logica del primo ordine e concezione semantica della verit\u00e0 di Tarski<\/em><br \/>\n(40 ore)<\/td>\n<td style=\"width: 33%;border: 0pt solid black\">Prof. Freytes Hector (CONICET, Argentina)<\/td>\n<td style=\"width: 33%;border: 0pt solid black\">Maggio-Giugno 2011<\/p>\n<p>Ogni mercoled\u00ec a partire dall&#8217;11 Maggio, dalle ore 15 alle 17<\/td>\n<\/tr>\n<tr style=\"border: 1pt solid black\">\n<td style=\"width: 33%;border: 0pt solid black\"><em>Comunicare la ricerca<\/em><br \/>\n(8 ore)<\/td>\n<td style=\"width: 33%;border: 0pt solid black\">Prof. Elisabetta Gola<\/td>\n<td style=\"width: 33%;border: 0pt solid black\">Ottobre-Novembre 2011<\/p>\n<p>Da Marted\u00ec 4 Ottobre, ore 16.00<\/p>\n<p>Marted\u00ec 18\/10, ore 10-12<br \/>\nMercoled\u00ec 9\/11, ore 15-18<br \/>\nMarted\u00ec 29\/11, ore 15-18\n<\/td>\n<\/tr>\n<tr style=\"border: 1pt solid black\">\n<td style=\"width: 33%;border: 0pt solid black\"><em>Il dibattito sull\u2019implicazione nella scuola di C.I. Lewis<\/em> (32 ore)<\/td>\n<td style=\"width: 33%;border: 0pt solid black\">Prof. Francesco Paoli<\/td>\n<td style=\"width: 33%;border: 0pt solid black\">Ottobre-Dicembre 2011<\/p>\n<p>Ogni mercoled\u00ec dalle ore 11 alle 13, studio Prof. Paoli, a partire dal 5 Ottobre<\/td>\n<\/tr>\n<tr style=\"border: 1pt solid black\">\n<td style=\"width: 33%;border: 0pt solid black\"><em>Vite immaginate<\/em><br \/>\n(16 ore)<\/td>\n<td style=\"width: 33%;border: 0pt solid black\">Prof. Remo Bodei<\/td>\n<td style=\"width: 33%;border: 0pt solid black\">Ottobre-Dicembre 2011<br \/>\nIncontro preliminare marted\u00ec 11 ottobre, alle ore 11.<br \/>\nLezioni:<br \/>\n24\/10, ore 11-13;<br \/>\n25\/10 ore 10-13;<br \/>\n7\/11, ore 11-13;<br \/>\n8\/11, ore 10-13;<br \/>\n23\/11, ore 10-13;<br \/>\n5\/12, ore 11-13;<br \/>\n6\/12, ore 10-13 <\/td>\n<\/tr>\n<tr style=\"border: 1pt solid black\">\n<td style=\"width: 33%;border: 0pt solid black\"><em>Search for Insight. On the Aim and Value of Philosophy<\/em><\/td>\n<td style=\"width: 33%;border: 0pt solid black\">Prof. Dietmar von der Pfordten<br \/>\n(G\u00f6ttinger Universit\u00e4t)<\/td>\n<td style=\"width: 33%;border: 0pt solid black\"> Novembre-Dicembre 2011<br \/>\n26\/10, ore 11-13<br \/>\n9\/11, ore 11-13<br \/>\n16\/11, ore 11-13<br \/>\n30\/11, ore 11-13<br \/>\n7\/12, ore 11-13<br \/>\n14\/12, pre 11-13 <\/td>\n<\/tr>\n<tr style=\"border: 1pt solid black\">\n<td style=\"width: 33%;border: 0pt solid black\"><em>Introduzione alla storiografia della scienza<\/em><\/td>\n<td style=\"width: 33%;border: 0pt solid black\">Prof. Michele Camerota<\/td>\n<td style=\"width: 33%;border: 0pt solid black\">Dicembre 2011<br \/>\n5\/12 ore 15, II piano aula 59<br \/>\n14\/12 ore 15<br \/>\n21\/12 ore 11<\/td>\n<\/tr>\n<p><!--[if gte mso 9]&gt;  Normal 0   14   false false false  IT X-NONE X-NONE              MicrosoftInternetExplorer4              &lt;![endif]--><!--[if gte mso 9]&gt;                                                                                                                                            &lt;![endif]--><!--[if gte mso 10]&gt; &lt;!   \/* Style Definitions *\/  table.MsoNormalTable \t{mso-style-name:&quot;Tabella normale&quot;; \tmso-tstyle-rowband-size:0; \tmso-tstyle-colband-size:0; \tmso-style-noshow:yes; \tmso-style-priority:99; \tmso-style-qformat:yes; \tmso-style-parent:&quot;&quot;; \tmso-padding-alt:0cm 5.4pt 0cm 5.4pt; \tmso-para-margin:0cm; \tmso-para-margin-bottom:.0001pt; \tmso-pagination:widow-orphan; \tfont-size:11.0pt; \tfont-family:&quot;Calibri&quot;,&quot;sans-serif&quot;; \tmso-ascii-font-family:Calibri; \tmso-ascii-theme-font:minor-latin; \tmso-fareast-font-family:&quot;Times New Roman&quot;; \tmso-fareast-theme-font:minor-fareast; \tmso-hansi-font-family:Calibri; \tmso-hansi-theme-font:minor-latin; \tmso-bidi-font-family:&quot;Times New Roman&quot;; \tmso-bidi-theme-font:minor-bidi;} --> <!--[endif] --><span><\/p>\n<tr style=\"border: 0pt solid black\">\n<td style=\"width: 33%;border: 0pt solid black\"><\/td>\n<td style=\"width: 33%;border: 0pt solid black\"><\/td>\n<td style=\"width: 33%;border: 0pt solid black\"><\/td>\n<\/tr>\n<tr style=\"border: 0pt solid black\">\n<td style=\"width: 33%;border: 0pt solid black\"><\/td>\n<td style=\"width: 33%;border: 0pt solid black\"><\/td>\n<td style=\"width: 33%;border: 0pt solid black\"><\/td>\n<\/tr>\n<tr style=\"border: 0pt solid black\">\n<td style=\"width: 33%;border: 0pt solid black\"><\/td>\n<td style=\"width: 33%;border: 0pt solid black\"><\/td>\n<td style=\"width: 33%;border: 0pt solid black\"><\/td>\n<\/tr>\n<\/tbody>\n<\/table>\n<p><a name=\"nomeancora2\"><\/a><strong>Seminari, convegni, giornate di studio<\/strong><\/p>\n<table style=\"border: 1 solid black\" width=\"1200\">\n<tbody>\n<tr style=\"border: 1pt solid black\">\n<td style=\"width: 33%;border: 0pt solid black\"><strong>Seminari, convegni, giornate di studio<\/strong><\/td>\n<td style=\"width: 33%;border: 0pt solid black\"><strong>Organizzatori e Interventi<\/strong><\/td>\n<td style=\"width: 33%;border: 0pt solid black\"><strong>Data<\/strong><\/td>\n<\/tr>\n<tr style=\"border: 1pt solid black\">\n<td style=\"width: 33%;border: 0pt solid black\"><em>I. Tre concetti centrali della filosofia pratica: razionalit\u00e0, libert\u00e0 e responsabilit\u00e0<br \/>\nII. Democrazia e verit\u00e0<br \/>\nIII. I limiti del linguaggio<br \/>\n<\/em><\/td>\n<td style=\"width: 33%;border: 0pt solid black\">Prof. Julian Nida-R\u00fcmelin (Ludwig-Maximilians-Universit\u00e4t, M\u00fcnchen)<\/td>\n<td style=\"width: 33%;border: 0pt solid black\">Marzo-Maggio 2011<\/p>\n<p>23\/03 ore 10;<\/p>\n<p>13\/04 ore 16,30;<\/p>\n<p>02\/05 ore 16,30<\/td>\n<\/tr>\n<tr style=\"border: 1pt solid black\">\n<td style=\"width: 33%;border: 0pt solid black\"><em>I. Olismo semantico e fisica di Newton<\/em><\/p>\n<p>II. La logica \u00e8 empirica?<\/td>\n<td style=\"width: 33%;border: 0pt solid black\">Prof. Guido Bacciagaluppi (University of Aberdeen)<\/td>\n<td style=\"width: 33%;border: 0pt solid black\">Aprile 2011<br \/>\nMarted\u00ec 12 Aprile, ore 10, aula 6, corpo centrale<br \/>\nMercoledi\u2019 13 Aprile, ore 16:30, aula 6, corpo centrale<\/td>\n<\/tr>\n<tr style=\"border: 1pt solid black\">\n<td style=\"width: 33%;border: 0pt solid black\"><em>Introduzione all&#8217;uso del lattex<\/em><\/td>\n<td style=\"width: 33%;border: 0pt solid black\">Dott. Antonio Ledda<\/td>\n<td style=\"width: 33%;border: 0pt solid black\">Aprile 2011<br \/>\nGioved\u00ec 14 aprile, ore 15-17Luned\u00ec 18 aprile, ore 15-17<\/td>\n<\/tr>\n<tr style=\"border: 1pt solid black\">\n<td style=\"width: 33%;border: 0pt solid black\">Seminario &#8220;<em>Spazio, nature spirituali e immaginazione<\/em>&#8221;<br \/>\n(8 ore)<\/td>\n<td style=\"width: 33%;border: 0pt solid black\">Organizzato dalla Prof. Francesca M. Crasta<br \/>\nInterventi: Sara Hutton, Guido Giglioni, Sietske Fransen, Anna Corrias<\/td>\n<td style=\"width: 33%;border: 0pt solid black\">Maggio 2011<\/p>\n<p>4 Maggio, dalle ore 9,30 alle 13,30<\/td>\n<\/tr>\n<tr style=\"border: 1pt solid black\">\n<td style=\"width: 33%;border: 0pt solid black\">Convegno \u201c<em>Metaphor and Communication<\/em>\u201d<\/td>\n<td style=\"width: 33%;border: 0pt solid black\">Organizzatori: proff. Elisabetta Gola e Pietro Storari<\/td>\n<td style=\"width: 33%;border: 0pt solid black\">Maggio 2011<\/p>\n<p>Cagliari, 12-14 maggio 2011.<\/td>\n<\/tr>\n<tr style=\"border: 1pt solid black\">\n<td style=\"width: 33%;border: 0pt solid black\"><em>Logic, Algebra, Foundation of Physics<\/em><\/td>\n<td style=\"width: 33%;border: 0pt solid black\">Interventi: Prof. Peter Jipsen (Chapman University, USA); Prof. Amit Hagar (Indiana University at Bloomington, USA); Prof. Hector Freytes (CONICET, Argentina); Dott. Barbara Usai<\/td>\n<td style=\"width: 33%;border: 0pt solid black\">Giugno 2011<\/p>\n<p>Venerd\u00ec 24 Giugno alle ore 15, aula 3A<\/td>\n<\/tr>\n<tr style=\"border: 1pt solid black\">\n<td style=\"width: 33%;border: 0pt solid black\"><em>&#8220;Nuovi Orientamenti Storiogafici in Scienze della Vita, Chimica, Fisica&#8221;<\/em><\/td>\n<td style=\"width: 33%;border: 0pt solid black\">Proff. Pietro Corsi, Antonio Clericuzio, Michele Camerota<\/td>\n<td style=\"width: 33%;border: 0pt solid black\">Sede e date saranno concordate dai dottorandi con il docente<\/td>\n<\/tr>\n<tr style=\"border: 1pt solid black\">\n<td> <em>Per una terza via al di l\u00e0 dell\u2019etica deontologica e del consequenzialismo nell\u2019etica normativa<\/em>\n<\/td>\n<td style=\"width 33%\">\nProf.<br \/>\nDietmar von der Pfordten<br \/>\n(Georg-August-Universit\u00e4t \u2013 G\u00f6ttingen)<\/td>\n<td style=\"width 33%\">\n8 novembre 2011<br \/>\nOre 15,30<br \/>\nAula Magna \u201cBacchisio Raimondo Motzo\u201d\n<\/td>\n<\/tr>\n<\/tbody>\n<\/table>\n","protected":false},"excerpt":{"rendered":"<p>Calendario corsi della Scuola di Dottorato Cicli di Lezioni Seminari, convegni, giornate di studio Cicli di Lezioni Cicli di lezioni Docenti Periodo di svolgimento previsto I &#8211; Moral Realism (16 ore) II &#8211; Moral Dilemmas (16 ore) Prof. Julian Nida- R\u00fcmelin (Ludwig-Maximilians-Universit\u00e4t, M\u00fcnchen) Marzo-Aprile 2011 8 marzo 10-12: Presentazione Corsi Moral Realism: Marzo: 15, 22, 29 ore 10-12; Aprile: 5, 19, 26 ore 10-12; Moral Dilemmas: Marzo: 16, 23, 30 ore 10-12; Aprile: 5 ore 14-16; 20, 27 ore 10-12. Sulla Verit\u00e0 (8 ore) Prof. Wojtek Zelaniec (Universit\u00e0 di Danzica) Marzo-Maggio 2011 28 Marzo, dalle ore 10 alle 12; 4 <a href='https:\/\/people.unica.it\/sdfe\/?page_id=208' class='excerpt-more'>[&#8230;]<\/a><\/p>\n","protected":false},"author":482,"featured_media":0,"parent":139,"menu_order":0,"comment_status":"closed","ping_status":"open","template":"","meta":{"footnotes":""},"class_list":["post-208","page","type-page","status-publish","hentry","post-seq-1","post-parity-odd","meta-position-corners","fix"],"_links":{"self":[{"href":"https:\/\/people.unica.it\/sdfe\/index.php?rest_route=\/wp\/v2\/pages\/208","targetHints":{"allow":["GET"]}}],"collection":[{"href":"https:\/\/people.unica.it\/sdfe\/index.php?rest_route=\/wp\/v2\/pages"}],"about":[{"href":"https:\/\/people.unica.it\/sdfe\/index.php?rest_route=\/wp\/v2\/types\/page"}],"author":[{"embeddable":true,"href":"https:\/\/people.unica.it\/sdfe\/index.php?rest_route=\/wp\/v2\/users\/482"}],"replies":[{"embeddable":true,"href":"https:\/\/people.unica.it\/sdfe\/index.php?rest_route=%2Fwp%2Fv2%2Fcomments&post=208"}],"version-history":[{"count":39,"href":"https:\/\/people.unica.it\/sdfe\/index.php?rest_route=\/wp\/v2\/pages\/208\/revisions"}],"predecessor-version":[{"id":405,"href":"https:\/\/people.unica.it\/sdfe\/index.php?rest_route=\/wp\/v2\/pages\/208\/revisions\/405"}],"up":[{"embeddable":true,"href":"https:\/\/people.unica.it\/sdfe\/index.php?rest_route=\/wp\/v2\/pages\/139"}],"wp:attachment":[{"href":"https:\/\/people.unica.it\/sdfe\/index.php?rest_route=%2Fwp%2Fv2%2Fmedia&parent=208"}],"curies":[{"name":"wp","href":"https:\/\/api.w.org\/{rel}","templated":true}]}}