{"id":665,"date":"2016-03-01T16:11:51","date_gmt":"2016-03-01T16:11:51","guid":{"rendered":"http:\/\/people.unica.it\/quasizero\/?page_id=665"},"modified":"2016-03-04T14:48:48","modified_gmt":"2016-03-04T14:48:48","slug":"analisi-della-domanda-e-accettabilita-sociale-di-tecnologie-per-la-produzione-di-energia-da-fonti-rinnovabili-in-sardegna","status":"publish","type":"page","link":"https:\/\/people.unica.it\/quasizero\/analisi-della-domanda-e-accettabilita-sociale-di-tecnologie-per-la-produzione-di-energia-da-fonti-rinnovabili-in-sardegna\/","title":{"rendered":"Energie rinnovabili nelle citt\u00e0"},"content":{"rendered":"<p style=\"text-align: justify\">Il presente progetto di ricerca, &#8220;<em>Analisi della domanda e accettabilit\u00e0 sociale di tecnologie per la produzione di energia da fonti rinnovabili in Sardegna<\/em>&#8220;, \u00e8 stato approvato e finanziato nell\u2019ambito della legge regionale 7\/2007 \u2013 bando 2008. Il progetto \u00e8 multidisciplinare, e si avvale di competenze nell\u2019ambito dell\u2019Economia Ambientale, dell\u2019Architettura del Paesaggio, della Psicologia Ambientale.<\/p>\n<p style=\"text-align: justify\">Lo scopo di questo progetto di ricerca \u00e8 quello di valutare le <em>preferenze<\/em> dei cittadini circa l\u2019adozione di particolari misure di politica ambientale ed energetica nelle nostre citt\u00e0.<\/p>\n<p style=\"text-align: justify\">In particolare in questa indagine studieremo le citt\u00e0 di Cagliari e di Quartu S. Elena, ma la somministrazione dei questioni \u00e8 avvenuta anche in centri pi\u00f9 piccoli (Assemini, Iglesias, Santa Giusta ed Ovodda).<\/p>\n<p style=\"text-align: center\"><img decoding=\"async\" class=\"alignnone wp-image-448 size-full\" src=\"http:\/\/people.unica.it\/quasizero\/files\/2013\/03\/cropped-HPIM0069_b.jpg\" alt=\"cropped-HPIM0069_b.jpg\" width=\"940\" height=\"198\" srcset=\"https:\/\/people.unica.it\/quasizero\/files\/2013\/03\/cropped-HPIM0069_b.jpg 940w, https:\/\/people.unica.it\/quasizero\/files\/2013\/03\/cropped-HPIM0069_b-300x63.jpg 300w\" sizes=\"(max-width: 940px) 100vw, 940px\" \/><\/p>\n<p><strong>I RISULTATI DELLA RICERCA<\/strong><\/p>\n<p>&nbsp;<\/p>\n<ul>\n<li><a title=\"I nostri intervistati\" href=\"http:\/\/people.unica.it\/quasizero\/risultati\/\">I\u00a0nostri intervistati<\/a>:<\/li>\n<\/ul>\n<p>&#8211; <a href=\"http:\/\/people.unica.it\/quasizero\/caratteristiche-demografiche\/\">Caratteristiche demografiche<\/a><\/p>\n<p>&#8211; <a href=\"http:\/\/people.unica.it\/quasizero\/caratteristiche-delle-abitazioni\/\">Caratteristiche delle abitazioni<\/a><\/p>\n<p>&#8211; <a href=\"http:\/\/people.unica.it\/quasizero\/gli-intervistati-e-lenergia\/\">Gli intervistati e l&#8217;energia<\/a><\/p>\n<p>&nbsp;<\/p>\n<ul>\n<li><a href=\"http:\/\/people.unica.it\/quasizero\/mappa-dei-risultati\/\">La mappa dei risultati<\/a><\/li>\n<\/ul>\n","protected":false},"excerpt":{"rendered":"<p>Il presente progetto di ricerca, &#8220;Analisi della domanda e accettabilit\u00e0 sociale di tecnologie per la produzione di energia da fonti rinnovabili in Sardegna&#8220;, \u00e8 stato approvato e finanziato nell\u2019ambito della legge regionale 7\/2007 \u2013 bando 2008. Il progetto \u00e8 multidisciplinare, e si avvale di competenze nell\u2019ambito dell\u2019Economia Ambientale, dell\u2019Architettura del Paesaggio, della Psicologia Ambientale. Lo scopo di questo progetto di ricerca \u00e8 quello di valutare le preferenze dei cittadini circa l\u2019adozione di particolari misure di politica ambientale ed energetica nelle nostre citt\u00e0. In particolare in questa indagine studieremo le citt\u00e0 di Cagliari e di Quartu S. Elena, ma la somministrazione <a href='https:\/\/people.unica.it\/quasizero\/analisi-della-domanda-e-accettabilita-sociale-di-tecnologie-per-la-produzione-di-energia-da-fonti-rinnovabili-in-sardegna\/' class='excerpt-more'>[&#8230;]<\/a><\/p>\n","protected":false},"author":644,"featured_media":0,"parent":0,"menu_order":0,"comment_status":"closed","ping_status":"closed","template":"","meta":{"footnotes":""},"class_list":["post-665","page","type-page","status-publish","hentry","post-seq-1","post-parity-odd","meta-position-corners","fix"],"publishpress_future_action":{"enabled":false,"date":"2026-05-09 06:58:02","action":"Draft","newStatus":"draft","terms":[],"taxonomy":"","extraData":[]},"publishpress_future_workflow_manual_trigger":{"enabledWorkflows":[]},"_links":{"self":[{"href":"https:\/\/people.unica.it\/quasizero\/wp-json\/wp\/v2\/pages\/665","targetHints":{"allow":["GET"]}}],"collection":[{"href":"https:\/\/people.unica.it\/quasizero\/wp-json\/wp\/v2\/pages"}],"about":[{"href":"https:\/\/people.unica.it\/quasizero\/wp-json\/wp\/v2\/types\/page"}],"author":[{"embeddable":true,"href":"https:\/\/people.unica.it\/quasizero\/wp-json\/wp\/v2\/users\/644"}],"replies":[{"embeddable":true,"href":"https:\/\/people.unica.it\/quasizero\/wp-json\/wp\/v2\/comments?post=665"}],"version-history":[{"count":10,"href":"https:\/\/people.unica.it\/quasizero\/wp-json\/wp\/v2\/pages\/665\/revisions"}],"predecessor-version":[{"id":772,"href":"https:\/\/people.unica.it\/quasizero\/wp-json\/wp\/v2\/pages\/665\/revisions\/772"}],"wp:attachment":[{"href":"https:\/\/people.unica.it\/quasizero\/wp-json\/wp\/v2\/media?parent=665"}],"curies":[{"name":"wp","href":"https:\/\/api.w.org\/{rel}","templated":true}]}}