{"id":951,"date":"2020-10-14T10:23:05","date_gmt":"2020-10-14T08:23:05","guid":{"rendered":"http:\/\/people.unica.it\/maurosalis\/?page_id=951"},"modified":"2020-12-16T19:32:19","modified_gmt":"2020-12-16T17:32:19","slug":"materiale-didattico-registrazioni","status":"publish","type":"page","link":"https:\/\/people.unica.it\/maurosalis\/didattica\/insegnamenti\/storia-dellarte-contemporanea-cdl-architettura-a-a-2020-2021\/materiale-didattico-registrazioni\/","title":{"rendered":"Materiale didattico &#8211; Registrazioni"},"content":{"rendered":"<p class=\"first-para\">Si comunica a tutti gli interessati che le registrazioni delle lezioni del <span style=\"text-decoration: underline\"><strong>Modulo Storia dell\u2019arte contemporanea<\/strong><\/span> (CdL Architettura, 3 cfu) a.a. 2020-2021 tenute in Aula virtuale sono visionabili ai link indicati sotto.<\/p>\n<p>I link di tutte le registrazioni verranno pubblicati in questa pagina, ragion per cui si consiglia di annotarne l\u2019indirizzo tra i segnalibri del proprio browser.<\/p>\n<p>Le registrazioni delle lezioni svolte in Aula virtuale, di seguito riportate, non sono state oggetto di post-produzione, ma sono la mera riproduzione della lezione on line svolta. Si ricorda che, secondo quanto disposto nel D.R. 341\/2020 del 24\/03\/2020 (art. 4), \u00ab\u00c8 fatto divieto agli studenti fruitori di registrare, fare copia, elaborare o diffondere in alcun modo, nonch\u00e9 di utilizzare per altre finalit\u00e0 diverse da quelle didattiche o comunque con altre finalit\u00e0 e modalit\u00e0 non consentite dalla normativa, il materiale in teledidattica messo a disposizione dall\u2019Ateneo\u00bb.<\/p>\n<p>\u00ab\u00c8 vietata la copia, la rielaborazione, la riproduzione dei contenuti e immagini in qualsiasi forma. \u00c8 inoltre vietata la diffusione, la redistribuzione e la pubblicazione dei contenuti e immagini, incluse le registrazioni delle videolezioni con qualsiasi modalit\u00e0 e mezzo non autorizzate espressamente<br \/>\ndall\u2019autore o da Unica\u00bb<\/p>\n<p>Le registrazioni saranno fruibili non oltre la fine del secondo semestre dell\u2019anno accademico 2020-2021.<\/p>\n<p>&nbsp;<\/p>\n<p><a href=\"https:\/\/unica.adobeconnect.com\/p00f1nafdz2c\/\" target=\"_blank\" rel=\"noopener noreferrer\">1\u00aa lezione del 14\/10\/2020<\/a><\/p>\n<p><a href=\"https:\/\/unica.adobeconnect.com\/p5ldaozr2fb6\/\" target=\"_blank\" rel=\"noopener noreferrer\">2\u00aa lezione del 21\/10\/2020<\/a><\/p>\n<p><a href=\"https:\/\/unica.adobeconnect.com\/pfbfz5rwlauq\/\" target=\"_blank\" rel=\"noopener noreferrer\">3\u00aa lezione del 28\/10\/2020<\/a><\/p>\n<p><a href=\"https:\/\/unica.adobeconnect.com\/pjczer5gqggh\/\" target=\"_blank\" rel=\"noopener noreferrer\">4\u00aa lezione del 4\/11\/2020<\/a><\/p>\n<p><a href=\"https:\/\/unica.adobeconnect.com\/pj2w0ihynzke\/\" target=\"_blank\" rel=\"noopener noreferrer\">5\u00aa lezione del 11\/11\/2020<\/a><\/p>\n<p><a href=\"https:\/\/unica.adobeconnect.com\/pmb319z0m5dm\/\" target=\"_blank\" rel=\"noopener noreferrer\">6\u00aa lezione del 18\/11\/2020<\/a><\/p>\n<p><a href=\"https:\/\/unica.adobeconnect.com\/phxxo1vwcc5z\/\" target=\"_blank\" rel=\"noopener noreferrer\">7\u00aa lezione del 25\/11\/2020<\/a><\/p>\n<p><a href=\"https:\/\/unica.adobeconnect.com\/pigoa6clpo0l\/\" target=\"_blank\" rel=\"noopener noreferrer\">8\u00aa lezione del 02\/12\/2020<\/a><\/p>\n<p><a href=\"https:\/\/unica.adobeconnect.com\/pcemaiohuybv\/\" target=\"_blank\" rel=\"noopener noreferrer\">9\u00aa lezione del 09\/12\/2020<\/a><\/p>\n<p><a href=\"https:\/\/unica.adobeconnect.com\/pi5dn7wna9ek\/\" target=\"_blank\" rel=\"noopener noreferrer\">10\u00aa lezione del 16\/12\/2020<\/a><\/p>\n","protected":false},"excerpt":{"rendered":"<p>Si comunica a tutti gli interessati che le registrazioni delle lezioni del Modulo Storia dell\u2019arte contemporanea (CdL Architettura, 3 cfu) a.a. 2020-2021 tenute in Aula virtuale sono visionabili ai link indicati sotto. I link di tutte le registrazioni verranno pubblicati in questa pagina, ragion per cui si consiglia di annotarne l\u2019indirizzo tra i segnalibri del proprio browser. Le registrazioni delle lezioni svolte in Aula virtuale, di seguito riportate, non sono state oggetto di post-produzione, ma sono la mera riproduzione della lezione on line svolta. Si ricorda che, secondo quanto disposto nel D.R. 341\/2020 del 24\/03\/2020 (art. 4), \u00ab\u00c8 fatto divieto <a href='https:\/\/people.unica.it\/maurosalis\/didattica\/insegnamenti\/storia-dellarte-contemporanea-cdl-architettura-a-a-2020-2021\/materiale-didattico-registrazioni\/' class='excerpt-more'>[&#8230;]<\/a><\/p>\n","protected":false},"author":2766,"featured_media":0,"parent":948,"menu_order":0,"comment_status":"closed","ping_status":"closed","template":"insegnamenti_docente.php","meta":{"footnotes":""},"class_list":["post-951","page","type-page","status-publish","hentry","post-seq-1","post-parity-odd","meta-position-corners","fix"],"publishpress_future_action":{"enabled":false,"date":"2026-05-05 19:45:47","action":"Draft","newStatus":"draft","terms":[],"taxonomy":"","extraData":[]},"publishpress_future_workflow_manual_trigger":{"enabledWorkflows":[]},"_links":{"self":[{"href":"https:\/\/people.unica.it\/maurosalis\/wp-json\/wp\/v2\/pages\/951","targetHints":{"allow":["GET"]}}],"collection":[{"href":"https:\/\/people.unica.it\/maurosalis\/wp-json\/wp\/v2\/pages"}],"about":[{"href":"https:\/\/people.unica.it\/maurosalis\/wp-json\/wp\/v2\/types\/page"}],"author":[{"embeddable":true,"href":"https:\/\/people.unica.it\/maurosalis\/wp-json\/wp\/v2\/users\/2766"}],"replies":[{"embeddable":true,"href":"https:\/\/people.unica.it\/maurosalis\/wp-json\/wp\/v2\/comments?post=951"}],"version-history":[{"count":13,"href":"https:\/\/people.unica.it\/maurosalis\/wp-json\/wp\/v2\/pages\/951\/revisions"}],"predecessor-version":[{"id":976,"href":"https:\/\/people.unica.it\/maurosalis\/wp-json\/wp\/v2\/pages\/951\/revisions\/976"}],"up":[{"embeddable":true,"href":"https:\/\/people.unica.it\/maurosalis\/wp-json\/wp\/v2\/pages\/948"}],"wp:attachment":[{"href":"https:\/\/people.unica.it\/maurosalis\/wp-json\/wp\/v2\/media?parent=951"}],"curies":[{"name":"wp","href":"https:\/\/api.w.org\/{rel}","templated":true}]}}