{"id":344,"date":"2016-06-22T00:23:25","date_gmt":"2016-06-21T23:23:25","guid":{"rendered":"http:\/\/people.unica.it\/maurosalis\/?page_id=344"},"modified":"2021-05-30T11:36:02","modified_gmt":"2021-05-30T09:36:02","slug":"conference-presentations","status":"publish","type":"page","link":"https:\/\/people.unica.it\/maurosalis\/conference-presentations-and-talks\/conference-presentations\/","title":{"rendered":"Conference Presentations"},"content":{"rendered":"<div class=\"media-heading text-serif\">\n<div class=\"media-heading text-serif\">\n<div class=\"media-heading text-serif\">\n<div class=\"media-heading text-serif\">\n<div class=\"media-heading text-serif\">\n<div class=\"media-heading text-serif\">\n<div class=\"media-heading text-serif\">\n<div class=\"media-heading text-serif\">Title: <strong><\/strong><strong><span lang=\"it-IT\">\u00abThe Afterlife of &#8220;Crucifixi Dolorosi&#8221; across Western Europe in the 16<sup>th<\/sup> Century. General Description and Contextualization of the Phenomenon and a Focus Regarding Sardinia and the Balearic Islands<\/span><\/strong><strong><span lang=\"it-IT\">\u00bb<\/span><\/strong><br \/>\nConference Name: <span lang=\"it-IT\"><span lang=\"it-IT\"><i>7<sup>th<\/sup> Annual Colloquium on Current Research in Medieval and Renaissance Sculpture: <\/i>The Afterlife of Medieval Sculpture<i>, 2020<\/i><\/span><\/span><br \/>\n<span class=\"text-bold\"><span class=\"text-bold\">Organization: Museum Leuven (Leuven, Belgium) and The Courtald Institute of Art (London, England)<\/span><\/span><br \/>\n<span class=\"text-bold\">Location: online<\/span><\/div>\n<div class=\"media-heading text-serif\"><span class=\"text-bold\">Event Date: 3, 4, 10<\/span>\/12\/2020<span class=\"text-bold\"><br \/>\n<\/span><\/div>\n<div class=\"media-heading text-serif\">&#8212; &#8212; &#8212; &#8212; &#8212;<\/div>\n<div><\/div>\n<p>Title: <strong><span lang=\"it-IT\">\u00abWhen did Amphitrite cross the Tyrrhenian Sea? Some reflections on the appearance of grisaille technique and myth and on the introduction of classical Renaissance style in the periphery of the Crown of Aragon<\/span><\/strong><strong><span lang=\"it-IT\">\u00bb<\/span><\/strong><br \/>\nConference Name: <span lang=\"it-IT\"><i>Tirthteenth International Conference of Iconographic Studies: Afterlife of Antiquity. Case studies and new perspectives in iconology<\/i><\/span><br \/>\n<span class=\"text-bold\">Organization: Center for Iconographic Studies, Faculty of Humanities and Social Sciences, University of Rijeka, University Sapienza Rome, University of Macerata, University of Split<\/span><br \/>\n<span class=\"text-bold\">Location: Faculty of Humanities and Social Sciences, University of Rijeka<\/span><\/div>\n<div class=\"media-heading text-serif\"><span class=\"text-bold\">Event Date: 30<\/span>-31\/5\/2019<span class=\"text-bold\"><br \/>\n<\/span><\/div>\n<div class=\"media-heading text-serif\">&#8212; &#8212; &#8212; &#8212; &#8212;<\/div>\n<div><\/div>\n<div class=\"media-heading text-serif\">Title: <strong><span lang=\"it-IT\">\u00abRedimere, convertire, riconvertire con le immagini mariane nella Sardegna spagnola (secoli XVI-XVII)<\/span><\/strong><strong><span lang=\"it-IT\">\u00bb<\/span><\/strong><br \/>\nConference Name: <span lang=\"it-IT\"><i>Eloquent images. Evangelization, conversion and propaganda in the global world of the early modern period<\/i><\/span><br \/>\n<span class=\"text-bold\">Organization: G. Capriotti, S. Pavone (Universit\u00e0 di Macerata) e P.-A. Fabre (EHESS Paris, France)<\/span><br \/>\n<span class=\"text-bold\">Location: Universit\u00e0 di Macerata<\/span><\/div>\n<div class=\"media-heading text-serif\"><span class=\"text-bold\">Event Date: 10<\/span>-12\/4\/2019<span class=\"text-bold\"><br \/>\n<\/span><\/div>\n<div class=\"media-heading text-serif\">&#8212; &#8212; &#8212; &#8212; &#8212;<\/div>\n<div><\/div>\n<div class=\"media-heading text-serif\">Title: <strong><span lang=\"it-IT\">\u00abTrasformazioni iconografiche lungo le vie del mare. Rappresentazioni mariane tra Italia meridionale, Sardegna e Levante iberico in et\u00e0 moderna<\/span><\/strong><strong><span lang=\"it-IT\">\u00bb<\/span><\/strong><br \/>\nConference Name: <span lang=\"it-IT\"><i>Know the Sea to live the Sea. Conoscere il mare per vivere il mare<\/i><\/span><br \/>\n<span class=\"text-bold\">Organization: R. Martorelli, Dipartimento di Lettere, Lingue e Beni culturali<\/span><br \/>\n<span class=\"text-bold\">Location: Universit\u00e0 di Cagliari<\/span><\/div>\n<div class=\"media-heading text-serif\"><span class=\"text-bold\">Event Date: 7<\/span>-9\/3\/2019<span class=\"text-bold\"><br \/>\n<\/span><\/div>\n<div class=\"media-heading text-serif\">&#8212; &#8212; &#8212; &#8212; &#8212;<\/div>\n<div class=\"media-heading text-serif\">Title: <strong><span lang=\"it-IT\">\u00abScultura in legno nella Diocesi di Cagliari al tempo dell\u2019arcivescovo Desquivel<\/span><\/strong><strong><span lang=\"it-IT\">\u00bb<\/span><\/strong><br \/>\nConference Name: <span lang=\"it-IT\"><i>1618-2018. Quattrocento anni del Santuario dei Martiri nella Cattedrale di Cagliari<\/i><\/span><br \/>\n<span class=\"text-bold\">Organization: <\/span><br \/>\n<span class=\"text-bold\">Location: Universit\u00e0 di Cagliari<\/span><\/div>\n<div class=\"media-heading text-serif\"><span class=\"text-bold\">Event Date: <\/span>26\/11\/2018<span class=\"text-bold\"><br \/>\n<\/span><\/div>\n<div class=\"media-heading text-serif\">&#8212; &#8212; &#8212; &#8212; &#8212;<\/div>\n<div class=\"media-heading text-serif\">Title: <strong><span lang=\"it-IT\">\u00abTabernacoli eucaristici di et\u00e0 moderna in Sardegna. Modelli formali e iconografici fra tradizione iberica, linguaggi rinascimentali e arte controriformata<\/span><\/strong><strong><span lang=\"it-IT\">\u00bb<\/span><\/strong><br \/>\nConference Name: <span lang=\"it-IT\"><i>Scultura lignea nella Diocesi di Novara. I tempietti eucaristici. Aggiornamenti e confronti<\/i><\/span><br \/>\n<span class=\"text-bold\">Organization: M. dell&#8217;Omo, S. Borlandelli, M. Caldera, P. Mira, Diocesi di Novara e Soprintendenza ABAP per le province di Biella, Novara, Verbano-Cusio-Ossola e Vercelli<\/span><br \/>\n<span class=\"text-bold\">Location: Palazzo vescovile, Novara<\/span><\/div>\n<div class=\"media-heading text-serif\"><span class=\"text-bold\">Event Date: 8<\/span>-9\/6\/2018<span class=\"text-bold\"><br \/>\n<\/span><\/div>\n<div class=\"media-heading text-serif\">&#8212; &#8212; &#8212; &#8212; &#8212;<\/div>\n<div><\/div>\n<p>Title: <strong><span lang=\"it-IT\">\u00abMigrazione e variazione di iconografie mariane nel Mediterraneo occidentale tra Italia meridionale, Baleari e Valencia<\/span><\/strong><strong><span lang=\"it-IT\">\u00bb<\/span><\/strong><br \/>\nConference Name: <span lang=\"it-IT\"><span lang=\"it-IT\"><i>Ecos culturales, art\u00edsticos y arquitect\u00f3nicos entre Valencia y el Mediterr\u00e1neo en \u00c9poca moderna<\/i><\/span><\/span><br \/>\n<span class=\"text-bold\">Organization: <\/span>Departament d&#8217;Hist\u00f2ria de l&#8217;Art, Universitat de Val\u00e8ncia<br \/>\n<span class=\"text-bold\">Location: <\/span>Departament d&#8217;Hist\u00f2ria de l&#8217;Art, Universitat de Val\u00e8ncia<\/p>\n<\/div>\n<div class=\"media-heading text-serif\"><span class=\"text-bold\">Event Date: <\/span>23-25\/11\/2017<span class=\"text-bold\"><br \/>\n<\/span><\/div>\n<div class=\"media-heading text-serif\">&#8212; &#8212; &#8212; &#8212; &#8212;<\/div>\n<div><\/div>\n<p>Title: <strong><span lang=\"it-IT\">\u00abProbans de apendre lo offici de pintor\u00bb. Apprendimento del mestiere e organizzazione del lavoro nelle botteghe pittoriche nella Sardegna del XVI secolo\u00bb<\/span><\/strong><\/p>\n<p>Conference Name: <span lang=\"it-IT\"><i>Pictor. La formation des peintres dans l\u2019Europe occidentale du XVIe si\u00e8cle<\/i><\/span><br \/>\n<span class=\"text-bold\">Organization: <\/span><span lang=\"it-IT\">\u00c9cole Pratique des Hautes \u00c9tudes, Paris; \u00c9cole fran\u00e7aise de Rome<\/span><br \/>\n<span class=\"text-bold\">Location: <\/span>\u00c9cole fran\u00e7aise de Rome<\/p>\n<\/div>\n<div class=\"media-heading text-serif\"><span class=\"text-bold\">Event Date: <\/span>10-11\/10\/2017<span class=\"text-bold\"><br \/>\n<\/span><\/div>\n<div class=\"media-heading text-serif\">&#8212; &#8212; &#8212; &#8212; &#8212;<\/div>\n<div><\/div>\n<p>Title: <strong><span lang=\"it-IT\">Un caso particular de centralidad y periferia. Sincretismo y lenguajes art\u00edsticos en la Cerde\u00f1a del siglo XVI, isla mediterr\u00e1nea a los m\u00e1rgenes del Imperio<\/span><\/strong><br \/>\nConference Name: <span lang=\"it-IT\"><i>Universitas del Mediterr\u00e1neo al Pac\u00edfico. Hegemon\u00edas, pluralidad y sincretismos en el arte del mundo hisp\u00e1nico de los siglos XV y XVI<\/i><\/span><br \/>\n<span class=\"text-bold\">Organization: <\/span><span lang=\"it-IT\">Manuel Parada L\u00f3pez (CSIC) y Laura Mar\u00eda Palacios M\u00e9ndez (UCM)<\/span><br \/>\n<span class=\"text-bold\">Location: <\/span>Real Academia de Espa\u00f1a en Roma<\/p>\n<\/div>\n<div class=\"media-heading text-serif\"><span class=\"text-bold\">Event Date: 20<\/span>-23\/9\/2017<span class=\"text-bold\"><br \/>\n<\/span><\/div>\n<div class=\"media-heading text-serif\">&#8212; &#8212; &#8212; &#8212; &#8212;<\/div>\n<div><\/div>\n<\/div>\n<\/div>\n<div class=\"media-heading text-serif\">\n<div class=\"media-heading text-serif\">Title: <strong><span lang=\"it-IT\">Rifiuto o integrazione? Discrepanze tra linea politica e sentire comune verso il turco attraverso l&#8217;analisi dell&#8217;iconografia mariana nelle isole mediterranee dell&#8217;Impero spagnolo (secoli XVI-XVII): il caso Sardegna<\/span><\/strong><br \/>\nConference Name: <span lang=\"it-IT\"><i>Antes del orientalismo. Las im\u00e1genes del Islam en la Pen\u00ednsula Ib\u00e9rica (siglos XVI-XVII) y sus conexiones mediterr\u00e1neas<\/i><\/span><br \/>\n<span class=\"text-bold\">Organization: <\/span><span lang=\"it-IT\">Departamento de Historia del Arte, Universidad Nacional de Educaci\u00f3n a Distancia, Madrid<\/span><br \/>\n<span class=\"text-bold\">Location:\u00a0<\/span>Facultad de Geograf\u00eda e Historia (UNED), Madrid<\/div>\n<div class=\"media-heading text-serif\"><span class=\"text-bold\">Event Date: 18<\/span>-19\/5\/2017<span class=\"text-bold\"><br \/>\n<\/span><\/div>\n<div class=\"media-heading text-serif\">&#8212; &#8212; &#8212; &#8212; &#8212;<\/div>\n<div class=\"media-heading text-serif\"><\/div>\n<p>Title: <strong><span lang=\"it-IT\">\u00abPonner totu bonu ordine in sos pintores\u00bb. Ordenanzas y reglamentaciones del oficio de pintor en la Cerde\u00f1a del siglo XVI<\/span><\/strong><br \/>\nConference Name: <span lang=\"it-IT\"><i>Pictor. La reglamentaci\u00f3 de l\u2019ofici de pintor a Europa occidental al segle XVI<\/i><\/span><br \/>\n<span class=\"text-bold\">Organization: <\/span><span lang=\"it-IT\">Departament d\u2019Art i Musicologia, Universitat Aut\u00f2noma de Barcelona; \u00c9cole Pratique des Hautes \u00c9tudes, Paris<\/span><br \/>\n<span class=\"text-bold\">Location: <\/span><span lang=\"it-IT\">Departament d\u2019Art i Musicologia, Universitat Aut\u00f2noma de Barcelona<\/span><\/p>\n<\/div>\n<div class=\"media-heading text-serif\"><span class=\"text-bold\">Event Date: 14<\/span>-15\/11\/2016<span class=\"text-bold\"><br \/>\n<\/span><\/div>\n<div class=\"media-heading text-serif\">&#8212; &#8212; &#8212; &#8212; &#8212;<\/div>\n<p>Title: <strong>Considerazioni su finalit\u00e0 e significati delle committenze artistiche nei centri rurali della Sardegna spagnola (secoli XVI-XVII)<\/strong><br \/>\nConference Name: <em>Percorsi nella storia dell&#8217;arte. Giornate di studi in onore di Maria Luisa Frongia<\/em><br \/>\n<span class=\"text-bold\">Organization: <\/span>Rita Pamela Ladogana e Simona Campus, Dipartimento di Storia, Beni culturali e Territorio<br \/>\n<span class=\"text-bold\">Location: <\/span>Dipartimento di Storia, Beni culturali e Territorio, Universit\u00e0 di Cagliari<\/p>\n<\/div>\n<div class=\"media-heading text-serif\"><span class=\"text-bold\">Event Date: <\/span>7-8\/6\/2016<span class=\"text-bold\"><br \/>\n<\/span><\/div>\n<div class=\"media-heading text-serif\">&#8212; &#8212; &#8212; &#8212; &#8212;<\/div>\n<div class=\"media-heading text-serif\">Title: <strong>The Iconography of the Virgin Hodegitria in the Territories of the Crown of Aragon in the Modern Age. Canons, Allotropies and Variants<\/strong><br \/>\nConference Name: <em>Tenth International Conference of Iconographic Studies: Marian Iconography East and West<\/em><br \/>\n<span class=\"text-bold\">Organization: <\/span>Center for Iconographic Studies, Faculty of Humanities and Social Sciences, University of Rijeka; Faculty of Theology in Rijeka, University of Zagreb<br \/>\nLocation: Faculty of Humanities and Social Sciences, University of Rijeka<br \/>\n<span class=\"text-bold\">Event Date: <\/span>2-4\/6\/2016<span class=\"text-bold\"><br \/>\n<\/span><\/p>\n<div class=\"media-heading text-serif\">&#8212; &#8212; &#8212; &#8212; &#8212;<\/div>\n<div class=\"media-heading text-serif\">Title: <strong>La fontana manierista di Rosello<\/strong><br \/>\nConference Name: <em>Convegno di studi \u00abFontane storiche e architettura dell&#8217;acqua in Sardegna\u00bb<\/em><br \/>\n<span class=\"text-bold\">Organization: <\/span>Coordinamento scientifico prof. Marco Cadinu, Dipartimento di Ingegneria civile, ambientale e Architettura dell&#8217;Universit\u00e0 di Cagliari<br \/>\nLocation: Facolt\u00e0 di Architettura, Universit\u00e0 di Cagliari<br \/>\n<span class=\"text-bold\">Event Date: <\/span>2\/12\/2015<span class=\"text-bold\"><br \/>\n<\/span><\/div>\n<div class=\"media-heading text-serif\">\n<div class=\"media-heading text-serif\">&#8212; &#8212; &#8212; &#8212; &#8212;<\/div>\n<div class=\"media-heading text-serif\">Title: <strong>Promozione della hispanidad nella Sardegna del Settecento attraverso l&#8217;attivit\u00e0 delle botteghe scultoree. Culto e iconografia di Sant&#8217;Isidoro Agricola tra modelli aulici e produzione popolare<\/strong><br \/>\nConference Name: <em>Colloque international \u00abLes Faiseurs de Saints. M\u00e9tiers et fabricants de saintet\u00e9 en Europe ( XVI e &#8211; XVIII e si\u00e8cle)\u00bb<\/em><br \/>\n<span class=\"text-bold\">Organization: <\/span>Organisateurs Pierre Civil (Universit\u00e9 Sorbonne Nouvelle &#8211; Paris 3) et C\u00e9cile Vincent-Cassy (Universit\u00e9 Paris 13)<br \/>\nLocation: Maison de la Recherche de la Sorbonne Nouvelle &#8211; Colegio de Espana Cit\u00e9 Internationale Universitaire, Paris<br \/>\n<span class=\"text-bold\">Event Date: <\/span>8-10\/10\/2015<span class=\"text-bold\"><br \/>\n<\/span><\/div>\n<div class=\"media-heading text-serif\">\n<div class=\"media-heading text-serif\">\n<div class=\"media-heading text-serif\">&#8212; &#8212; &#8212; &#8212; &#8212;<\/div>\n<div class=\"media-heading text-serif\">Title: <strong>Il Retablo Maggiore di Ardara: stato degli studi, problematiche e nuove linee di indagine<\/strong><br \/>\nConference Name: <em>Convegno \u00abIl Retablo Maggiore di Ardara. 500 anni di storia, arte, fede\u00bb<\/em><br \/>\n<span class=\"text-bold\">Organization: Diocesi di Ozieri, Comune di Ardara<\/span><br \/>\nLocation: Basilica di Nostra Signora del Regno, Ardara<br \/>\n<span class=\"text-bold\">Event Date: 25<\/span>\/9\/2015<span class=\"text-bold\"><br \/>\n<\/span><\/div>\n<div class=\"media-heading text-serif\">\n<div class=\"media-heading text-serif\">\n<div class=\"media-heading text-serif\">\n<div class=\"media-heading text-serif\">&#8212; &#8212; &#8212; &#8212; &#8212;<\/div>\n<div class=\"media-heading text-serif\">Title: <strong>Between communication strategies and devotional practices. Purposes and meanings of artistic commissions in rural centers of Spanish Sardinia (XVI-XVII centuries)<\/strong><br \/>\nConference Name: <em>Rural history 2015 &#8211; Internacional conference<\/em><br \/>\n<span class=\"text-bold\">Organization: European Rural History Organisation (EURHO)<\/span><br \/>\nLocation: Facultat de Lletres, Universitat de Girona<br \/>\n<span class=\"text-bold\">Event Date: 7-10<\/span>\/9\/2015<span class=\"text-bold\"><br \/>\n<\/span><\/div>\n<div class=\"media-heading text-serif\">\n<div class=\"media-heading text-serif\">\n<div class=\"media-heading text-serif\">\n<div class=\"media-heading text-serif\">\n<div class=\"media-heading text-serif\">&#8212; &#8212; &#8212; &#8212; &#8212;<\/div>\n<div class=\"media-heading text-serif\">Title: <strong>Migrazione di statue in legno campane in Sardegna tra Sei e Settecento e nuove proposte di attribuzione<\/strong><br \/>\nConference Name: <em>Sculture e intagli lignei tra Italia meridionale e Spagna, dal Quattro al Settecento. Convegno internazionale di studi<\/em><br \/>\n<span class=\"text-bold\">Organization: Pierluigi Leone de Castris, Universit\u00e0 Suor Orsola Benincasa, Napoli <\/span><br \/>\nLocation: <span class=\"text-bold\">Universit\u00e0 Suor Orsola Benincasa, Napoli<\/span><br \/>\n<span class=\"text-bold\">Event Date: 28-30<\/span>\/5\/2015<span class=\"text-bold\"><br \/>\n<\/span><\/div>\n<div class=\"media-heading text-serif\">\n<div class=\"media-heading text-serif\">\n<div class=\"media-heading text-serif\">\n<div class=\"media-heading text-serif\">\n<div class=\"media-heading text-serif\">\n<div class=\"media-heading text-serif\">&#8212; &#8212; &#8212; &#8212; &#8212;<\/div>\n<div class=\"media-heading text-serif\">Title: <strong>Percorsi d&#8217;indagine sui committenti dei retabli pittorici dal tardo &#8216;400 al primo &#8216;500 negli archivi sardi e catalani<\/strong><br \/>\nConference Name: <em>Giornate di studio \u00abIl Maestro di Castelsardo e i retabli tra tardo &#8216;400 e inizi &#8216;500\u00bb<\/em><br \/>\n<span class=\"text-bold\">Organization: Dipartimento di Storia, Beni culturali e Territorio, Universit\u00e0 di Cagliari &#8211; Departament d&#8217;Hist\u00f2ria i Hist\u00f2ria de l&#8217;Art, Universitat de Girona<\/span><br \/>\nLocation: <span class=\"text-bold\">Dipartimento di Storia, Beni culturali e Territorio, Universit\u00e0 di Cagliari<\/span><br \/>\n<span class=\"text-bold\">Event Date: 14-15<\/span>\/12\/2012<span class=\"text-bold\"><br \/>\n<\/span><\/div>\n<div class=\"media-heading text-serif\">\n<div class=\"media-heading text-serif\">\n<div class=\"media-heading text-serif\">\n<div class=\"media-heading text-serif\">\n<div class=\"media-heading text-serif\">\n<div class=\"media-heading text-serif\">\n<div class=\"media-heading text-serif\">&#8212; &#8212; &#8212; &#8212; &#8212;<\/div>\n<div class=\"media-heading text-serif\">\n<div class=\"media-heading text-serif\">\n<div class=\"media-heading text-serif\">\n<div class=\"media-heading text-serif\">\n<div class=\"media-heading text-serif\">\n<div class=\"media-heading text-serif\"><span class=\"text-bold\">Title: <strong>Scultura lignea campana del &#8216;700 nella Sardegna meridionale<\/strong><br \/>\nConference Name:<em>\u00abRicerca in Cittadella\u00bb, giornate di studio di archeologia e storia dell\u2019arte dedicate a Roberto Coroneo del Dipartimento di Storia, Beni culturali e Territorio, Universit\u00e0 di Cagliari<\/em><br \/>\nOrganization: Dipartimento di Storia, Beni culturali e Territorio, Universit\u00e0 di Cagliari<br \/>\nLocation: Dipartimento di Storia, Beni culturali e Territorio, Universit\u00e0 di Cagliari<br \/>\nEvent Date: 7-12\/5\/2012<br \/>\n<\/span><\/div>\n<div class=\"media-heading text-serif\">&#8212; &#8212; &#8212; &#8212; &#8212;<\/div>\n<\/div>\n<\/div>\n<\/div>\n<\/div>\n<p>Title: <strong>La Madonna del Cardellino: una problematica aperta<\/strong><br \/>\nConference Name: <em>Seminario di studi \u00abL\u2019et\u00e0 di Giacomo II d\u2019Aragona\u00bb<\/em><br \/>\n<span class=\"text-bold\">Organization: Dipartimento di Scienze archeologiche e storico-artistiche, Universit\u00e0 di Cagliari &#8211; Grup EMAC Rom\u00e0nic i G\u00f2tic, Universitat de Barcelona<\/span><br \/>\nLocation: <span class=\"text-bold\">Dipartimento di Scienze archeologiche e storico-artistiche, Universit\u00e0 di Cagliari<\/span><br \/>\n<span class=\"text-bold\">Event Date: 6-7<\/span>\/7\/2011<span class=\"text-bold\"><br \/>\n<\/span><\/p>\n<\/div>\n<div class=\"media-heading text-serif\">\n<div class=\"media-heading text-serif\">\n<div class=\"media-heading text-serif\">\n<div class=\"media-heading text-serif\">\n<div class=\"media-heading text-serif\">\n<div class=\"media-heading text-serif\">\n<div class=\"media-heading text-serif\">\n<div class=\"media-heading text-serif\">&#8212; &#8212; &#8212; &#8212; &#8212;<\/div>\n<div class=\"media-heading text-serif\">Title: <strong>Un inedito bassorilievo marmoreo del XVI secolo<\/strong><br \/>\nConference Name: <em>\u00abRicerca e confronti\u00bb, giornate di studio di archeologia e storia dell\u2019arte del Dipartimento di scienze archeologiche e storico-artistiche, Universit\u00e0 di Cagliari<\/em><br \/>\n<span class=\"text-bold\">Organization: Dipartimento di Scienze archeologiche e storico-artistiche, Universit\u00e0 di Cagliari<\/span><br \/>\nLocation: <span class=\"text-bold\">Dipartimento di Scienze archeologiche e storico-artistiche, Universit\u00e0 di Cagliari<\/span><br \/>\n<span class=\"text-bold\">Event Date: 1-5<\/span>\/3\/2010<span class=\"text-bold\"><br \/>\n<\/span><\/div>\n<div class=\"media-heading text-serif\">\n<div class=\"media-heading text-serif\">\n<div class=\"media-heading text-serif\">\n<div class=\"media-heading text-serif\">\n<div class=\"media-heading text-serif\">\n<div class=\"media-heading text-serif\">\n<div class=\"media-heading text-serif\">\n<div class=\"media-heading text-serif\">\n<div class=\"media-heading text-serif\">&#8212; &#8212; &#8212; &#8212; &#8212;<\/div>\n<div class=\"media-heading text-serif\">Title: <strong>Il laboratorio di incisione. Analisi e prospettive<\/strong><br \/>\nConference Name: <em>Convegno internazionale \u00abSegno 2009\u00bb<\/em><br \/>\n<span class=\"text-bold\">Organization: Casa Falconieri, Cagliari<\/span><br \/>\nLocation: <span class=\"text-bold\">Fondazione Teatro Lirico, Cagliari<\/span><br \/>\n<span class=\"text-bold\">Event Date: 29<\/span>\/11\/2009<span class=\"text-bold\"><br \/>\n<\/span><\/div>\n<\/div>\n<\/div>\n<\/div>\n<\/div>\n<\/div>\n<\/div>\n<\/div>\n<\/div>\n<\/div>\n<\/div>\n<\/div>\n<\/div>\n<\/div>\n<\/div>\n<\/div>\n<\/div>\n<\/div>\n<\/div>\n<\/div>\n<\/div>\n<\/div>\n<\/div>\n<\/div>\n<\/div>\n<\/div>\n<\/div>\n<\/div>\n<\/div>\n<\/div>\n<\/div>\n<\/div>\n<\/div>\n<\/div>\n<\/div>\n<\/div>\n<\/div>\n<\/div>\n","protected":false},"excerpt":{"rendered":"<p>Title: \u00abThe Afterlife of &#8220;Crucifixi Dolorosi&#8221; across Western Europe in the 16th Century. General Description and Contextualization of the Phenomenon and a Focus Regarding Sardinia and the Balearic Islands\u00bb Conference Name: 7th Annual Colloquium on Current Research in Medieval and Renaissance Sculpture: The Afterlife of Medieval Sculpture, 2020 Organization: Museum Leuven (Leuven, Belgium) and The Courtald Institute of Art (London, England) Location: online Event Date: 3, 4, 10\/12\/2020 &#8212; &#8212; &#8212; &#8212; &#8212; Title: \u00abWhen did Amphitrite cross the Tyrrhenian Sea? Some reflections on the appearance of grisaille technique and myth and on the introduction of classical Renaissance style in <a href='https:\/\/people.unica.it\/maurosalis\/conference-presentations-and-talks\/conference-presentations\/' class='excerpt-more'>[&#8230;]<\/a><\/p>\n","protected":false},"author":2766,"featured_media":0,"parent":341,"menu_order":0,"comment_status":"closed","ping_status":"closed","template":"","meta":{"footnotes":""},"class_list":["post-344","page","type-page","status-publish","hentry","post-seq-1","post-parity-odd","meta-position-corners","fix"],"publishpress_future_action":{"enabled":false,"date":"2026-05-05 13:21:19","action":"Draft","newStatus":"draft","terms":[],"taxonomy":"","extraData":[]},"publishpress_future_workflow_manual_trigger":{"enabledWorkflows":[]},"_links":{"self":[{"href":"https:\/\/people.unica.it\/maurosalis\/wp-json\/wp\/v2\/pages\/344","targetHints":{"allow":["GET"]}}],"collection":[{"href":"https:\/\/people.unica.it\/maurosalis\/wp-json\/wp\/v2\/pages"}],"about":[{"href":"https:\/\/people.unica.it\/maurosalis\/wp-json\/wp\/v2\/types\/page"}],"author":[{"embeddable":true,"href":"https:\/\/people.unica.it\/maurosalis\/wp-json\/wp\/v2\/users\/2766"}],"replies":[{"embeddable":true,"href":"https:\/\/people.unica.it\/maurosalis\/wp-json\/wp\/v2\/comments?post=344"}],"version-history":[{"count":34,"href":"https:\/\/people.unica.it\/maurosalis\/wp-json\/wp\/v2\/pages\/344\/revisions"}],"predecessor-version":[{"id":1058,"href":"https:\/\/people.unica.it\/maurosalis\/wp-json\/wp\/v2\/pages\/344\/revisions\/1058"}],"up":[{"embeddable":true,"href":"https:\/\/people.unica.it\/maurosalis\/wp-json\/wp\/v2\/pages\/341"}],"wp:attachment":[{"href":"https:\/\/people.unica.it\/maurosalis\/wp-json\/wp\/v2\/media?parent=344"}],"curies":[{"name":"wp","href":"https:\/\/api.w.org\/{rel}","templated":true}]}}