{"id":162,"date":"2012-04-12T10:03:07","date_gmt":"2012-04-12T08:03:07","guid":{"rendered":"http:\/\/people.unica.it\/dissi\/?page_id=162"},"modified":"2012-11-14T17:36:29","modified_gmt":"2012-11-14T16:36:29","slug":"manifestazioni-e-convegni","status":"publish","type":"page","link":"https:\/\/people.unica.it\/dissi\/manifestazioni-e-convegni\/","title":{"rendered":"Manifestazioni e Convegni"},"content":{"rendered":"<table width=\"100%\" cellspacing=\"3\">\n<tbody>\n<tr>\n<td>\n<div>\n<p>Luned\u00ec 19 novembre 2012 Ore 17:00<\/p>\n<p>PRESENTAZIONI DEL LIBRO\u00a0 Bambini e adulti: la nuova sociologia dell\u2019infanzia<\/p>\n<p>di Caterina Satta Carocci &#8211; Editore, 2012<\/p>\n<p>Che cos\u2019\u00e8 la sociologia dell\u2019infanzia? Che cosa dice di nuovo e di diverso<br \/>\nsui bambini? Si pu\u00f2 considerarli come attori sociali a tutti gli effetti,<br \/>\ncapaci di dar vita a una loro cultura e di incidere sulla realt\u00e0 che li<br \/>\ncirconda? E come valorizzare questa cultura?<\/p>\n<p>Ne discutono con l\u2019autrice:<\/p>\n<p>Enrico Euli, Universit\u00e0 di Cagliari<br \/>\nMarco Pitzalis, Universit\u00e0 di Cagliari<\/p>\n<p>Coordina:<\/p>\n<p>Giuliana Mandich, Universit\u00e0 di Cagliari<\/p>\n<p>Luned\u00ec 19 novembre 2012 Ore 17:00<\/p>\n<p>Aula Magna \u201cMaria Lai\u201d- Giurisprudenza<\/p>\n<p>Via Nicolodi, 102 &#8211; Cagliari<\/p>\n<\/div>\n<\/td>\n<\/tr>\n<\/tbody>\n<\/table>\n<p>&#8212;&#8212;&#8212;&#8212;&#8212;&#8212;&#8212;&#8212;&#8212;&#8212;&#8212;&#8212;&#8212;&#8212;&#8212;&#8212;&#8212;&#8212;&#8212;&#8212;-<\/p>\n<p>&nbsp;<\/p>\n<p>&nbsp;<\/p>\n<p>&nbsp;<\/p>\n<p><a href=\"http:\/\/people.unica.it\/dissi\/files\/2012\/04\/scuolasviluppo.jpg\"><img decoding=\"async\" class=\"alignleft size-medium wp-image-512\" title=\"scuolasviluppo\" src=\"http:\/\/people.unica.it\/dissi\/files\/2012\/04\/scuolasviluppo-243x300.jpg\" alt=\"\" width=\"243\" height=\"300\" srcset=\"https:\/\/people.unica.it\/dissi\/files\/2012\/04\/scuolasviluppo-243x300.jpg 243w, https:\/\/people.unica.it\/dissi\/files\/2012\/04\/scuolasviluppo.jpg 704w\" sizes=\"(max-width: 243px) 100vw, 243px\" \/><\/a><\/p>\n<p>&nbsp;<\/p>\n<p>&nbsp;<\/p>\n<p>Scuola di Sviluppo Locale<br \/>\nSebastiano Brusco<br \/>\nSistemi agroalimentari e sviluppo locale<br \/>\nSettima edizione 11-14 ottobre<br \/>\nSeneghe<br \/>\n<a href=\"http:\/\/people.unica.it\/dissi\/files\/2012\/04\/Programma_Scuola_2012.pdf\">Programma_Scuola_2012<\/a><\/p>\n<p>&nbsp;<\/p>\n<p>&nbsp;<\/p>\n<p>&nbsp;<\/p>\n<p>&nbsp;<\/p>\n<p>&#8212;&#8212;&#8212;&#8212;&#8212;&#8212;&#8212;&#8212;&#8212;&#8212;&#8212;&#8212;&#8212;&#8212;&#8212;&#8212;&#8212;&#8212;&#8212;&#8212;&#8212;&#8212;<\/p>\n<h2 style=\"text-align: center;\"><span style=\"color: #000080;\"><strong><a title=\"Moving boundaries in mobilities research\" href=\"http:\/\/spol.unica.it\/cosmobilities\/\" target=\"_blank\"><span style=\"color: #000080;\">Moving boundaries in mobilities research<\/span><\/a><\/strong><\/span><\/h2>\n<p style=\"text-align: justify;\"><strong>Conference organised by the University of Cagliari in collaboration\u00a0with the Cosmobilities Network<\/strong><\/p>\n<p style=\"text-align: center;\">Venue: University of Cagliari (Sardinia, Italy)<br \/>\nDates: 5-7 July 2012.<\/p>\n<p style=\"text-align: center;\">&#8212;&#8212;&#8212;&#8212;&#8212;&#8212;&#8212;&#8212;&#8212;&#8212;&#8212;&#8212;&#8212;&#8212;&#8212;&#8212;&#8212;&#8212;&#8212;&#8212;&#8212;&#8212;<\/p>\n<p style=\"text-align: center;\"><strong><em>L&#8217;armonia delle decisioni in materia civile e commerciale nello spazio giudiziario europeo<\/em><\/strong><br \/>\nAula Teatro &#8211; Via Nicolodi<br \/>\nCagliari 17 &#8211; 18 maggio 2012<\/p>\n","protected":false},"excerpt":{"rendered":"<p>Luned\u00ec 19 novembre 2012 Ore 17:00 PRESENTAZIONI DEL LIBRO\u00a0 Bambini e adulti: la nuova sociologia dell\u2019infanzia di Caterina Satta Carocci &#8211; Editore, 2012 Che cos\u2019\u00e8 la sociologia dell\u2019infanzia? Che cosa dice di nuovo e di diverso sui bambini? Si pu\u00f2 considerarli come attori sociali a tutti gli effetti, capaci di dar vita a una loro cultura e di incidere sulla realt\u00e0 che li circonda? E come valorizzare questa cultura? Ne discutono con l\u2019autrice: Enrico Euli, Universit\u00e0 di Cagliari Marco Pitzalis, Universit\u00e0 di Cagliari Coordina: Giuliana Mandich, Universit\u00e0 di Cagliari Luned\u00ec 19 novembre 2012 Ore 17:00 Aula Magna \u201cMaria Lai\u201d- Giurisprudenza <a href='https:\/\/people.unica.it\/dissi\/manifestazioni-e-convegni\/' class='excerpt-more'>[&#8230;]<\/a><\/p>\n","protected":false},"author":526,"featured_media":0,"parent":0,"menu_order":2,"comment_status":"closed","ping_status":"closed","template":"","meta":{"footnotes":""},"class_list":["post-162","page","type-page","status-publish","hentry","post-seq-1","post-parity-odd","meta-position-corners","fix"],"_links":{"self":[{"href":"https:\/\/people.unica.it\/dissi\/wp-json\/wp\/v2\/pages\/162","targetHints":{"allow":["GET"]}}],"collection":[{"href":"https:\/\/people.unica.it\/dissi\/wp-json\/wp\/v2\/pages"}],"about":[{"href":"https:\/\/people.unica.it\/dissi\/wp-json\/wp\/v2\/types\/page"}],"author":[{"embeddable":true,"href":"https:\/\/people.unica.it\/dissi\/wp-json\/wp\/v2\/users\/526"}],"replies":[{"embeddable":true,"href":"https:\/\/people.unica.it\/dissi\/wp-json\/wp\/v2\/comments?post=162"}],"version-history":[{"count":17,"href":"https:\/\/people.unica.it\/dissi\/wp-json\/wp\/v2\/pages\/162\/revisions"}],"predecessor-version":[{"id":175,"href":"https:\/\/people.unica.it\/dissi\/wp-json\/wp\/v2\/pages\/162\/revisions\/175"}],"wp:attachment":[{"href":"https:\/\/people.unica.it\/dissi\/wp-json\/wp\/v2\/media?parent=162"}],"curies":[{"name":"wp","href":"https:\/\/api.w.org\/{rel}","templated":true}]}}