{"id":4224,"date":"2023-07-04T11:01:40","date_gmt":"2023-07-04T11:01:40","guid":{"rendered":"https:\/\/people.unica.it\/disabilita\/?page_id=4224"},"modified":"2025-01-07T16:48:28","modified_gmt":"2025-01-07T16:48:28","slug":"link-utili","status":"publish","type":"page","link":"https:\/\/people.unica.it\/disabilita\/link-utili\/","title":{"rendered":"Link utili"},"content":{"rendered":"<ul>\n<li>Detrazioni fiscali persone con disabilit\u00e0<\/li>\n<\/ul>\n<p><a href=\"https:\/\/www.agenziaentrate.gov.it\/portale\/web\/guest\/introduzione\">Aree tematiche &#8211; Introduzione &#8211; Agenzia delle Entrate<\/a><\/p>\n<ul>\n<li>Segreterie studenti<\/li>\n<\/ul>\n<p><a href=\"https:\/\/www.unica.it\/it\/servizi\/servizi-agli-studenti\/segreterie-studenti\">Segreterie studenti | Universit\u00e0 degli Studi di Cagliari (unica.it)<\/a><\/p>\n<ul>\n<li>Programmi di mobilit\u00e0 internazionale<\/li>\n<\/ul>\n<p>Erasmus<\/p>\n<p><a title=\"https:\/\/web.unica.it\/unica\/it\/ateneo_s04_ss01_sss01.page\" href=\"https:\/\/web.unica.it\/unica\/it\/ateneo_s04_ss01_sss01.page\" target=\"_blank\" rel=\"noreferrer noopener\"><u>https:\/\/web.unica.it\/unica\/it\/ateneo_s04_ss01_sss01.page<\/u><\/a><\/p>\n<p>Globus<\/p>\n<p><a title=\"https:\/\/web.unica.it\/unica\/it\/ateneo_s04_ss01_sss03.page\" href=\"https:\/\/web.unica.it\/unica\/it\/ateneo_s04_ss01_sss03.page\" target=\"_blank\" rel=\"noreferrer noopener\"><u>https:\/\/web.unica.it\/unica\/it\/ateneo_s04_ss01_sss03.page<\/u><\/a><\/p>\n<p>EDUC<\/p>\n<p><a title=\"https:\/\/www.educalliance.eu\/\" href=\"https:\/\/www.educalliance.eu\/\" target=\"_blank\" rel=\"noreferrer noopener\"><u>https:\/\/www.educalliance.eu\/ <\/u><\/a>e <a href=\"https:\/\/web.unica.it\/unica\/page\/it\/european_universities_lateneo_di_cagliari_nel_pool_scelto_dallunione_europea?contentId=NTZ201863&amp;fbclid=IwAR1jZhVQJNNRAFdJ9cd0l4Tu8NT5R3qI1u8Mw2xld3g2aJx2Kp1LOUBgL_s\">unica.it &#8211; EDUC<\/a><\/p>\n<ul>\n<li>Universit\u00e0 e servizi regionali<\/li>\n<\/ul>\n<p>Universitaly<\/p>\n<p><a title=\"https:\/\/www.universitaly.it\/index.php\/ateneo\/84\" href=\"https:\/\/www.universitaly.it\/index.php\/ateneo\/84\" target=\"_blank\" rel=\"noreferrer noopener\"><u>https:\/\/www.universitaly.it\/index.php\/ateneo\/84<\/u><\/a><\/p>\n<p>E.R.S.U. Ente Regionale per il diritto allo studio<\/p>\n<p><a href=\"https:\/\/ersucagliari.it\/index.php\/it\/\">Home Page (ersucagliari.it)<\/a><\/p>\n<ul>\n<li>Opportunit\u00e0 di aggregazione culturale e sportiva<\/li>\n<\/ul>\n<p><a href=\"https:\/\/web.unica.it\/unica\/it\/studenti_s09.page\">unica.it &#8211; Associazioni Studentesche<\/a><\/p>\n<p><a href=\"https:\/\/www.cuscagliari.it\/\">CUS Cagliari<\/a><\/p>\n<ul>\n<li>Podcast di interesse sull&#8217;inclusione<\/li>\n<\/ul>\n<p>Unica Radio<\/p>\n<p><a href=\"https:\/\/www.unicaradio.it\/blog\/category\/podcast\/\">https:\/\/www.unicaradio.it\/blog\/category\/podcast\/<\/a> (usa il motore di ricerca interno alla pagina del podcast per individuare materiali su dislessia ecc.)<\/p>\n<p><a href=\"https:\/\/www.unicaradio.it\/blog\/2023\/07\/17\/superabile-la-disabilita-al-tempo-dei-podcast\/\">SuperAbile, la disabilit\u00e0 al tempo dei podcast &#8211; Unica Radio<\/a><\/p>\n<p>Radiox<\/p>\n<p><u>radiox.it<\/u><\/p>\n<p>in particolare il podcast <a title=\"https:\/\/www.radiox.it\/?s=oltre+le+barriere\" href=\"https:\/\/www.radiox.it\/?s=oltre+le+barriere\" target=\"_blank\" rel=\"noreferrer noopener\"><u>Oltre le barriere | RADIO X<\/u><\/a><u>\u00a0<\/u><\/p>\n<ul>\n<li>Portali istituzionali sull&#8217;inserimento lavorativo<\/li>\n<\/ul>\n<p><a title=\"http:\/\/www.sardegnalavoro.it\/\" href=\"http:\/\/www.sardegnalavoro.it\/\" target=\"_blank\" rel=\"noreferrer noopener\"><u>www.sardegnalavoro.it<\/u><\/a>\u00a0 dove si possono trovare gli annunci di lavoro gestiti da tutti i CPI della Sardegna;<br \/>\n<a title=\"https:\/\/www.cliclavoro.gov.it\/pagine\/default.html\" href=\"https:\/\/www.cliclavoro.gov.it\/Pagine\/default.html\" target=\"_blank\" rel=\"noreferrer noopener\"><u>www.cliclavoro.gov.it<\/u><\/a>\u00a0 dove si possono trovare le informazioni in merito all\u2019inserimento lavorativo e mirato.<\/p>\n<ul>\n<li>Altri portali per la ricerca e l&#8217;inserimento lavorativo<\/li>\n<\/ul>\n<p><a href=\"https:\/\/it.jooble.org\/\">https:\/\/it.jooble.org\/ <\/a>motore di ricerca lavoro in Italia<\/p>\n","protected":false},"excerpt":{"rendered":"<p>Detrazioni fiscali persone con disabilit\u00e0 Aree tematiche &#8211; Introduzione &#8211; Agenzia delle Entrate Segreterie studenti Segreterie studenti | Universit\u00e0 degli Studi di Cagliari (unica.it) Programmi di mobilit\u00e0 internazionale Erasmus https:\/\/web.unica.it\/unica\/it\/ateneo_s04_ss01_sss01.page Globus https:\/\/web.unica.it\/unica\/it\/ateneo_s04_ss01_sss03.page EDUC https:\/\/www.educalliance.eu\/ e unica.it &#8211; EDUC Universit\u00e0 e servizi regionali Universitaly https:\/\/www.universitaly.it\/index.php\/ateneo\/84 E.R.S.U. Ente Regionale per il diritto allo studio Home Page (ersucagliari.it) Opportunit\u00e0 di aggregazione culturale e sportiva unica.it &#8211; Associazioni Studentesche CUS Cagliari Podcast di interesse sull&#8217;inclusione Unica Radio https:\/\/www.unicaradio.it\/blog\/category\/podcast\/ (usa il motore di ricerca interno alla pagina del podcast per individuare materiali su dislessia ecc.) SuperAbile, la disabilit\u00e0 al tempo dei podcast &#8211; Unica Radio <a href='https:\/\/people.unica.it\/disabilita\/link-utili\/' class='excerpt-more'>[&#8230;]<\/a><\/p>\n","protected":false},"author":2508,"featured_media":0,"parent":0,"menu_order":0,"comment_status":"closed","ping_status":"closed","template":"","meta":{"footnotes":""},"class_list":["post-4224","page","type-page","status-publish","hentry","post-seq-1","post-parity-odd","meta-position-corners","fix"],"_links":{"self":[{"href":"https:\/\/people.unica.it\/disabilita\/wp-json\/wp\/v2\/pages\/4224","targetHints":{"allow":["GET"]}}],"collection":[{"href":"https:\/\/people.unica.it\/disabilita\/wp-json\/wp\/v2\/pages"}],"about":[{"href":"https:\/\/people.unica.it\/disabilita\/wp-json\/wp\/v2\/types\/page"}],"author":[{"embeddable":true,"href":"https:\/\/people.unica.it\/disabilita\/wp-json\/wp\/v2\/users\/2508"}],"replies":[{"embeddable":true,"href":"https:\/\/people.unica.it\/disabilita\/wp-json\/wp\/v2\/comments?post=4224"}],"version-history":[{"count":10,"href":"https:\/\/people.unica.it\/disabilita\/wp-json\/wp\/v2\/pages\/4224\/revisions"}],"predecessor-version":[{"id":4589,"href":"https:\/\/people.unica.it\/disabilita\/wp-json\/wp\/v2\/pages\/4224\/revisions\/4589"}],"wp:attachment":[{"href":"https:\/\/people.unica.it\/disabilita\/wp-json\/wp\/v2\/media?parent=4224"}],"curies":[{"name":"wp","href":"https:\/\/api.w.org\/{rel}","templated":true}]}}